{"id":193,"date":"2018-12-19T23:19:42","date_gmt":"2018-12-19T23:19:42","guid":{"rendered":"http:\/\/fcb-sesslach91.de\/?page_id=193"},"modified":"2020-01-22T20:51:30","modified_gmt":"2020-01-22T19:51:30","slug":"vereinschronik-2001-2010","status":"publish","type":"page","link":"https:\/\/fcb-sesslach91.de\/index.php\/vereinschronik-2001-2010\/","title":{"rendered":"Vereinschronik 2001 \u2013 2010"},"content":{"rendered":"<p style=\"text-align: center;\"><span style=\"text-decoration: underline;\"><span style=\"font-size: 24px; color: #ff0000; text-decoration: underline;\"><strong><em>Chronik des FC Bayern-Fanclub \u201eSe\u00dflach \u00b491\u201c<\/em><\/strong><\/span><\/span><\/p>\n<p style=\"text-align: center;\"><span style=\"text-decoration: underline;\"><span style=\"font-size: 24px; color: #ff0000; text-decoration: underline;\"><strong><em>2001 bis 2010<\/em><\/strong><\/span><\/span><\/p>\n<p style=\"text-align: center;\" align=\"center\">(gek\u00fcrzte Fassung)<\/p>\n<p>&nbsp;<\/p>\n<p style=\"text-align: center;\"><span style=\"font-family: georgia, palatino, serif; font-size: 12px;\"><strong>17.03.2001\u00a0<\/strong>\u00a0\u00a0 50. Fanclub-Busfahrt zum Derby:\u00a0\u00a0 1860 \u2013 FC Bayern<\/span><\/p>\n<p style=\"text-align: center;\"><span style=\"font-family: georgia, palatino, serif; font-size: 12px;\"><strong>19.05.2001<\/strong>\u00a0\u00a0\u00a0 Busfahrt zum Bundesligafinale:\u00a0\u00a0 HSV \u2013 FC Bayern<\/span><\/p>\n<p style=\"text-align: center;\"><span style=\"font-family: georgia, palatino, serif;\"><strong><span style=\"font-size: 12px;\">22.-2<\/span><\/strong><span style=\"font-size: 12px;\"><strong>4.05.2001\u00a0<\/strong>\u00a0\u00a0 <strong>Busfahrt zum Champions League-Finale in Mailand:<\/strong><\/span><span style=\"font-size: 12px;\"> FC Bayern \u2013 FC Valencia<\/span><\/span><\/p>\n<p style=\"text-align: center;\"><img loading=\"lazy\" decoding=\"async\" class=\"size-medium wp-image-461 aligncenter\" src=\"https:\/\/fcb-sesslach91.de\/wp-content\/uploads\/2018\/12\/CLFinale01-300x215.jpg\" alt=\"\" width=\"300\" height=\"215\" srcset=\"https:\/\/fcb-sesslach91.de\/wp-content\/uploads\/2018\/12\/CLFinale01-300x215.jpg 300w, https:\/\/fcb-sesslach91.de\/wp-content\/uploads\/2018\/12\/CLFinale01.jpg 659w\" sizes=\"(max-width: 300px) 100vw, 300px\" \/><\/p>\n<p>&nbsp;<\/p>\n<p style=\"text-align: center;\"><span style=\"font-family: georgia, palatino, serif;\"><span style=\"text-decoration: underline;\"><span style=\"color: #ff0000; text-decoration: underline;\"><strong><span style=\"font-size: 12px;\">13.-17<\/span><\/strong><span style=\"font-size: 12px;\"><strong>.06.2001\u00a0\u00a0\u00a0<\/strong>\u00a0\u00a0\u00a0\u00a0\u00a0\u00a0 <strong>10-j\u00e4hriges Jubil\u00e4um des FC Bayern-Fanclub \u201eSe\u00dflach \u00b491\u201c<\/strong><\/span><\/span><\/span><span style=\"font-size: 12px;\"><span style=\"color: #ff0000;\"><span style=\"text-decoration: underline;\">\u00a0\u00a0\u00a0\u00a0\u00a0\u00a0\u00a0<\/span>\u00a0\u00a0\u00a0\u00a0\u00a0\u00a0\u00a0<\/span>\u00a0\u00a0\u00a0\u00a0\u00a0\u00a0\u00a0\u00a0\u00a0\u00a0\u00a0\u00a0\u00a0\u00a0\u00a0\u00a0\u00a0\u00a0<\/span><\/span><\/p>\n<p style=\"text-align: center;\"><span style=\"font-family: georgia, palatino, serif; font-size: 12px;\"><em><u>Festprogramm:<\/u><\/em><\/span><\/p>\n<p style=\"text-align: center;\"><span style=\"font-family: georgia, palatino, serif; font-size: 12px;\">13.06.\u00a0\u00a0\u00a0 Tanz mit der Band \u201eN\u00b4Joy\u201c<\/span><\/p>\n<p style=\"text-align: center;\"><span style=\"font-family: georgia, palatino, serif;\"><span style=\"font-size: 12px;\">14.06.\u00a0\u00a0\u00a0 <\/span><span style=\"font-size: 12px;\">Gro\u00dfer Preisschafkopf<\/span><\/span><\/p>\n<p style=\"text-align: center;\"><span style=\"font-family: georgia, palatino, serif; font-size: 12px;\">15.06.\u00a0\u00a0\u00a0 Party Total mit DJ Gerd und DJ Andre<\/span><\/p>\n<p style=\"text-align: center;\"><span style=\"font-family: georgia, palatino, serif;\"><span style=\"font-size: 12px;\">16.-17.06.\u00a0\u00a0\u00a0 7. Se\u00dflacher Fanclub-Turnier<\/span><span style=\"font-size: 12px;\"> (Turniersieger: Los Arrogantos)<\/span><\/span><\/p>\n<p><img loading=\"lazy\" decoding=\"async\" class=\"size-medium wp-image-463 aligncenter\" src=\"https:\/\/fcb-sesslach91.de\/wp-content\/uploads\/2018\/12\/10jhriges-282x300.jpg\" alt=\"\" width=\"282\" height=\"300\" srcset=\"https:\/\/fcb-sesslach91.de\/wp-content\/uploads\/2018\/12\/10jhriges-282x300.jpg 282w, https:\/\/fcb-sesslach91.de\/wp-content\/uploads\/2018\/12\/10jhriges.jpg 443w\" sizes=\"(max-width: 282px) 100vw, 282px\" \/><\/p>\n<p>&nbsp;<\/p>\n<p style=\"text-align: center;\"><span style=\"font-family: georgia, palatino, serif;\"><span style=\"font-size: 12px;\"><strong>02.07.2001<\/strong>\u00a0\u00a0\u00a0 Spenden\u00fcbergabe an die Kinderkrebshilfe: 1000,00 DM <\/span><span style=\"font-size: 12px;\">(Erl\u00f6s aus der Jubil\u00e4umsveranstaltung)<\/span><\/span><\/p>\n<p><img loading=\"lazy\" decoding=\"async\" class=\"size-medium wp-image-464 aligncenter\" src=\"https:\/\/fcb-sesslach91.de\/wp-content\/uploads\/2018\/12\/Spende020701-300x160.jpg\" alt=\"\" width=\"300\" height=\"160\" srcset=\"https:\/\/fcb-sesslach91.de\/wp-content\/uploads\/2018\/12\/Spende020701-300x160.jpg 300w, https:\/\/fcb-sesslach91.de\/wp-content\/uploads\/2018\/12\/Spende020701.jpg 708w\" sizes=\"(max-width: 300px) 100vw, 300px\" \/><\/p>\n<p>&nbsp;<\/p>\n<p style=\"text-align: center;\"><span style=\"font-family: arial black, sans-serif; font-size: 12px;\"><span style=\"font-family: georgia, palatino, serif;\"><strong>31.10.2001\u00a0<\/strong>\u00a0\u00a0\u00a0 Busfahrt zum Champions League-Spiel: Sparta Prag &#8211; FC Bayern<\/span><\/span><\/p>\n<p style=\"text-align: center;\"><img loading=\"lazy\" decoding=\"async\" class=\"size-medium wp-image-465 aligncenter\" src=\"https:\/\/fcb-sesslach91.de\/wp-content\/uploads\/2018\/12\/Prag311001-300x213.jpg\" alt=\"\" width=\"300\" height=\"213\" srcset=\"https:\/\/fcb-sesslach91.de\/wp-content\/uploads\/2018\/12\/Prag311001-300x213.jpg 300w, https:\/\/fcb-sesslach91.de\/wp-content\/uploads\/2018\/12\/Prag311001.jpg 666w\" sizes=\"(max-width: 300px) 100vw, 300px\" \/><\/p>\n<p>&nbsp;<\/p>\n<p style=\"text-align: center;\"><span style=\"font-family: georgia, palatino, serif; font-size: 12px;\"><strong>11.02.2002<\/strong>\u00a0\u00a0\u00a0 Besuch des Rosenmontagszugs in K\u00f6ln<\/span><\/p>\n<p><img loading=\"lazy\" decoding=\"async\" class=\"size-medium wp-image-466 aligncenter\" src=\"https:\/\/fcb-sesslach91.de\/wp-content\/uploads\/2018\/12\/Karneval_Kln-300x211.jpg\" alt=\"\" width=\"300\" height=\"211\" srcset=\"https:\/\/fcb-sesslach91.de\/wp-content\/uploads\/2018\/12\/Karneval_Kln-300x211.jpg 300w, https:\/\/fcb-sesslach91.de\/wp-content\/uploads\/2018\/12\/Karneval_Kln.jpg 672w\" sizes=\"(max-width: 300px) 100vw, 300px\" \/><\/p>\n<p>&nbsp;<\/p>\n<p style=\"text-align: center;\"><span style=\"font-family: georgia, palatino, serif;\"><span style=\"font-size: 12px;\"><strong>30.11.2002\u00a0<\/strong>\u00a0\u00a0\u00a0 Busfahrt zur Bayern-Gesch\u00e4ftsstelle mit Teilnahme am <\/span><span style=\"font-size: 12px;\"><strong><em>Kulmbacher Meisterschluck<\/em><\/strong> (Leider verloren gegen den <\/span><span style=\"font-size: 12px;\">FCB-FC aus Insingen) und anschlie\u00dfender Besuch des Spiels <\/span><span style=\"font-size: 12px;\">FC Bayern \u2013 Hertha BSC Berlin<\/span><\/span><img loading=\"lazy\" decoding=\"async\" class=\"size-medium wp-image-467 aligncenter\" src=\"https:\/\/fcb-sesslach91.de\/wp-content\/uploads\/2018\/12\/Meisterschluck-300x230.jpg\" alt=\"\" width=\"300\" height=\"230\" srcset=\"https:\/\/fcb-sesslach91.de\/wp-content\/uploads\/2018\/12\/Meisterschluck-300x230.jpg 300w, https:\/\/fcb-sesslach91.de\/wp-content\/uploads\/2018\/12\/Meisterschluck-130x100.jpg 130w, https:\/\/fcb-sesslach91.de\/wp-content\/uploads\/2018\/12\/Meisterschluck.jpg 616w\" sizes=\"(max-width: 300px) 100vw, 300px\" \/><\/p>\n<p style=\"text-align: center;\"><span style=\"font-family: georgia, palatino, serif; font-size: 12px;\"><strong>31.05.2003<\/strong>\u00a0\u00a0\u00a0 Busfahrt zum DFB-Pokal-Finale:\u00a0\u00a0 FC Bayern \u2013 1. FC K\u00b4lautern<\/span><\/p>\n<p style=\"text-align: center;\"><span style=\"font-family: georgia, palatino, serif;\"><span style=\"font-size: 12px;\"><strong>01.01.2004<\/strong>\u00a0\u00a0\u00a0\u00a0 Beitritt zur Vereinigung der oberf\u00e4nkischen Bayern-Fanclubs <\/span><span style=\"font-size: 12px;\">(kurz \u201eOberfrankenvereinigung\u201c)<\/span><\/span><\/p>\n<p style=\"text-align: center;\"><span style=\"font-family: georgia, palatino, serif; font-size: 12px;\"><strong>25.04.2004<\/strong> \u00a0 \u00a0 75. Fanclub-Busfahrt zum Derby:\u00a0\u00a0 FC Bayern \u2013 1860<\/span><\/p>\n<p style=\"text-align: center;\"><span style=\"font-family: georgia, palatino, serif;\"><span style=\"font-size: 12px;\"><strong>19.06.2004\u00a0\u00a0\u00a0 <\/strong>Se\u00dflacher Fanclub-Turnier <\/span><span style=\"font-size: 12px;\">(Turniersieger: FC Bayern-Fanclub \u201eSe\u00dflach \u00b491\u201c)<\/span><\/span><\/p>\n<p><img loading=\"lazy\" decoding=\"async\" class=\"size-medium wp-image-468 aligncenter\" src=\"https:\/\/fcb-sesslach91.de\/wp-content\/uploads\/2018\/12\/Turnier2004-300x206.jpg\" alt=\"\" width=\"300\" height=\"206\" srcset=\"https:\/\/fcb-sesslach91.de\/wp-content\/uploads\/2018\/12\/Turnier2004-300x206.jpg 300w, https:\/\/fcb-sesslach91.de\/wp-content\/uploads\/2018\/12\/Turnier2004.jpg 688w\" sizes=\"(max-width: 300px) 100vw, 300px\" \/><\/p>\n<p>&nbsp;<\/p>\n<p style=\"text-align: center;\"><span style=\"font-family: georgia, palatino, serif;\"><span style=\"font-size: 12px;\"><strong>03.07.2004<\/strong>\u00a0\u00a0\u00a0 Spenden\u00fcbergabe an den Se\u00dflacher Kindergarten <\/span><span style=\"font-size: 12px;\">in H\u00f6he von 500 \u20ac<\/span><\/span><\/p>\n<p style=\"text-align: center;\"><img loading=\"lazy\" decoding=\"async\" class=\"size-medium wp-image-469 aligncenter\" src=\"https:\/\/fcb-sesslach91.de\/wp-content\/uploads\/2018\/12\/Spende030704-300x139.jpg\" alt=\"\" width=\"300\" height=\"139\" srcset=\"https:\/\/fcb-sesslach91.de\/wp-content\/uploads\/2018\/12\/Spende030704-300x139.jpg 300w, https:\/\/fcb-sesslach91.de\/wp-content\/uploads\/2018\/12\/Spende030704.jpg 708w\" sizes=\"(max-width: 300px) 100vw, 300px\" \/><\/p>\n<p>&nbsp;<\/p>\n<p style=\"text-align: center;\"><span style=\"text-decoration: underline;\"><span style=\"font-family: georgia, palatino, serif; color: #ff0000; text-decoration: underline;\"><span style=\"font-size: 12px;\"><strong>28.11.2004 \u00a0 \u00a0 Besuch von Felix Magath<\/strong> im Sportheim des DJK\/FC Se\u00dflach, <\/span><span style=\"font-size: 12px;\">der auch zum Ehrenmitglied des Fanclubs ernannt wird.<\/span><\/span><\/span><\/p>\n<p style=\"text-align: left;\"><img loading=\"lazy\" decoding=\"async\" class=\"size-medium wp-image-470 aligncenter\" src=\"https:\/\/fcb-sesslach91.de\/wp-content\/uploads\/2018\/12\/Magath-300x225.jpg\" alt=\"\" width=\"300\" height=\"225\" srcset=\"https:\/\/fcb-sesslach91.de\/wp-content\/uploads\/2018\/12\/Magath-300x225.jpg 300w, https:\/\/fcb-sesslach91.de\/wp-content\/uploads\/2018\/12\/Magath.jpg 629w\" sizes=\"(max-width: 300px) 100vw, 300px\" \/><\/p>\n<p>&nbsp;<\/p>\n<p style=\"text-align: center;\"><span style=\"font-family: georgia, palatino, serif; font-size: 12px;\"><strong>23.12.2004<\/strong>\u00a0\u00a0\u00a0 Ernennung von Heinrich Bornschlegel zum Ehrenmitglied<\/span><\/p>\n<p style=\"text-align: center;\"><span style=\"font-family: georgia, palatino, serif;\"><strong><span style=\"font-size: 12px;\">28.-<\/span><\/strong><span style=\"font-size: 12px;\"><strong>30.01.2005\u00a0\u00a0\u00a0<\/strong> 10. Wochenendskiausflug nach Grossarl<\/span><\/span><\/p>\n<p style=\"text-align: center;\"><span style=\"font-family: georgia, palatino, serif;\"><span style=\"font-size: 12px;\"><strong>14.05.2005<\/strong>\u00a0\u00a0\u00a0 Erstmalige Fahrt <em>mit 2 Bussen<\/em> zum Saisonfinale: <\/span><span style=\"font-size: 12px;\">FC Bayern \u2013 Bor. Dortmund<\/span><\/span><\/p>\n<p style=\"text-align: center;\"><span style=\"font-family: georgia, palatino, serif; font-size: 12px;\"><strong>28.05.2005<\/strong>\u00a0\u00a0\u00a0 Busfahrt zum DFB-Pokal-Finale: FC Bayern \u2013 Schalke 04<\/span><\/p>\n<p style=\"text-align: center;\"><span style=\"font-family: georgia, palatino, serif;\"><span style=\"font-size: 12px;\"><strong>02.11.2005<\/strong>\u00a0\u00a0\u00a0 Busfahrt zum Champions League-Spiel: <\/span><span style=\"font-size: 12px;\">Juventus Turin \u2013 FC Bayern<\/span><\/span><\/p>\n<p style=\"text-align: center;\"><span style=\"font-family: georgia, palatino, serif; font-size: 12px;\"><strong>27.11.2005<\/strong>\u00a0\u00a0\u00a0\u00a0 Besuch der Weihnachtsfeier des FC Bayern-Fanclub Neustadt mit Ehrengast Paulo Guerrero<\/span><\/p>\n<p style=\"text-align: center;\"><span style=\"font-family: georgia, palatino, serif; font-size: 12px;\"><strong>29.04.2006<\/strong>\u00a0\u00a0\u00a0 Busfahrt zum DFB-Pokal-Finale: FC Bayern \u2013 Eintracht Frankfurt<\/span><\/p>\n<p>&nbsp;<\/p>\n<p style=\"text-align: center;\"><span style=\"text-decoration: underline;\"><span style=\"font-family: georgia, palatino, serif; color: #ff0000; text-decoration: underline;\"><strong><span style=\"font-size: 12px;\">23.-<\/span><\/strong><span style=\"font-size: 12px;\"><strong>25.06.2006\u00a0\u00a0\u00a0 15-j\u00e4hriges Jubil\u00e4um des FC Bayern-Fanclub \u201eSe\u00dflach \u00b491\u201c<\/strong><\/span><\/span><\/span><span style=\"font-family: georgia, palatino, serif; font-size: 12px;\"><span style=\"text-decoration: underline;\">\u00a0\u00a0\u00a0\u00a0\u00a0\u00a0\u00a0\u00a0\u00a0<\/span>\u00a0\u00a0\u00a0\u00a0\u00a0\u00a0\u00a0\u00a0\u00a0\u00a0\u00a0\u00a0\u00a0\u00a0\u00a0\u00a0<\/span><\/p>\n<p style=\"text-align: center;\"><span style=\"font-family: georgia, palatino, serif; font-size: 12px;\">\u00a0<em><u>Festprogramm:<\/u><\/em><\/span><\/p>\n<p style=\"text-align: center;\"><span style=\"font-family: georgia, palatino, serif; font-size: 12px;\">23.06.\u00a0\u00a0\u00a0 Treffen der Gr\u00fcndungsmitglieder am Johannifeuer<\/span><\/p>\n<p style=\"text-align: center;\"><span style=\"font-family: georgia, palatino, serif;\"><span style=\"font-size: 12px;\">24.06.\u00a0\u00a0\u00a0 Se\u00dflacher Kleinfeldturnier <\/span><span style=\"font-size: 12px;\">(Turniersieger: FCB-FC Altenstein)<\/span><\/span><\/p>\n<p style=\"text-align: center;\"><span style=\"font-family: georgia, palatino, serif; font-size: 12px;\">25.06.\u00a0\u00a0\u00a0 Wei\u00dfwurstfr\u00fchschoppen und Preisschafkopf<\/span><\/p>\n<p>&nbsp;<\/p>\n<p style=\"text-align: center;\"><span style=\"font-family: georgia, palatino, serif;\"><span style=\"font-size: 12px;\"><strong>27.09.2006\u00a0<\/strong>\u00a0\u00a0\u00a0 100. Fanclub-Busfahrt zum Champions League-Spiel: <\/span><span style=\"font-size: 12px;\">Inter Mailand \u2013 FC Bayern<\/span><\/span><\/p>\n<p style=\"text-align: center;\"><span style=\"font-family: georgia, palatino, serif;\"><span style=\"font-size: 12px;\"><strong>23.12.2006\u00a0\u00a0\u00a0<\/strong>\u00a0 Spenden\u00fcbergabe an die Watzendorfer Vierlinge in H\u00f6he von <\/span><span style=\"font-size: 12px;\">300,00 \u20ac<\/span><\/span><\/p>\n<p><img loading=\"lazy\" decoding=\"async\" class=\"size-medium wp-image-471 aligncenter\" src=\"https:\/\/fcb-sesslach91.de\/wp-content\/uploads\/2018\/12\/Spende231206n-300x225.jpg\" alt=\"\" width=\"300\" height=\"225\" srcset=\"https:\/\/fcb-sesslach91.de\/wp-content\/uploads\/2018\/12\/Spende231206n-300x225.jpg 300w, https:\/\/fcb-sesslach91.de\/wp-content\/uploads\/2018\/12\/Spende231206n.jpg 629w\" sizes=\"(max-width: 300px) 100vw, 300px\" \/><\/p>\n<p style=\"text-align: center;\"><span style=\"font-family: georgia, palatino, serif;\"><span style=\"font-size: 12px;\"><strong>15.06.2007\u00a0<\/strong>\u00a0\u00a0 Mit einer Bandenwerbung am Sportplatz unterst\u00fctzen wir die <\/span><span style=\"font-size: 12px;\">DJK\/FC Se\u00dflach<\/span><\/span><\/p>\n<p style=\"text-align: center;\"><span style=\"font-family: georgia, palatino, serif; font-size: 12px;\"><strong>01.12.2007<\/strong>\u00a0\u00a0\u00a0 200. Mitglied: Oskar Schramm<\/span><\/p>\n<p style=\"text-align: center;\"><span style=\"font-family: georgia, palatino, serif;\"><span style=\"font-size: 12px;\"><strong>23.12.2007\u00a0\u00a0\u00a0 <\/strong>Spenden\u00fcbergabe an das Se\u00dflacher Altenheim in H\u00f6he von<\/span><span style=\"font-size: 12px;\"> 500,00 \u20ac<\/span><\/span><\/p>\n<p style=\"text-align: center;\"><img loading=\"lazy\" decoding=\"async\" class=\"size-medium wp-image-472 aligncenter\" src=\"https:\/\/fcb-sesslach91.de\/wp-content\/uploads\/2018\/12\/Spende231207-300x206.jpg\" alt=\"\" width=\"300\" height=\"206\" srcset=\"https:\/\/fcb-sesslach91.de\/wp-content\/uploads\/2018\/12\/Spende231207-300x206.jpg 300w, https:\/\/fcb-sesslach91.de\/wp-content\/uploads\/2018\/12\/Spende231207.jpg 689w\" sizes=\"(max-width: 300px) 100vw, 300px\" \/><\/p>\n<p>&nbsp;<\/p>\n<p style=\"text-align: center;\"><span style=\"font-family: georgia, palatino, serif; font-size: 12px;\"><strong>06.03.2008\u00a0\u00a0\u00a0 <\/strong>Busfahrt zum UEFA-Cup-Spiel beim RSC Anderlecht <\/span><\/p>\n<p style=\"text-align: center;\"><span style=\"font-family: georgia, palatino, serif;\"><span style=\"font-size: 12px;\"><strong>19.04.2008<\/strong>\u00a0\u00a0\u00a0 <\/span><span style=\"font-size: 12px;\">Busfahrt zum DFB-Pokalfinale FC Bayern M\u00fcnchen \u2013 <\/span><span style=\"font-size: 12px;\">Bor. Dortmund<\/span><\/span><\/p>\n<p style=\"text-align: center;\"><span style=\"font-family: georgia, palatino, serif; font-size: 12px;\"><strong>27.04.2008\u00a0\u00a0\u00a0 <\/strong>Aufnahme in die Paulaner Hall of Fan<\/span><\/p>\n<p><img loading=\"lazy\" decoding=\"async\" class=\"size-medium wp-image-473 aligncenter\" src=\"https:\/\/fcb-sesslach91.de\/wp-content\/uploads\/2018\/12\/HallOfFan1998-300x165.jpg\" alt=\"\" width=\"300\" height=\"165\" srcset=\"https:\/\/fcb-sesslach91.de\/wp-content\/uploads\/2018\/12\/HallOfFan1998-300x165.jpg 300w, https:\/\/fcb-sesslach91.de\/wp-content\/uploads\/2018\/12\/HallOfFan1998.jpg 708w\" sizes=\"(max-width: 300px) 100vw, 300px\" \/><\/p>\n<p>&nbsp;<\/p>\n<p style=\"text-align: center;\"><span style=\"font-family: georgia, palatino, serif; font-size: 12px;\"><strong>31.05.2008\u00a0\u00a0 \u00a0 \u00a0\u00a0<\/strong> 25 Jahre Oberfrankenvereinigung in Neukenroth mit Ehrengast Armin Eck<\/span><\/p>\n<p style=\"text-align: center;\"><span style=\"font-family: georgia, palatino, serif;\"><span style=\"font-size: 12px;\"><strong>10.12.2008<\/strong> \u00a0 \u00a0 Busfahrt zum Champions League-Spiel Olympique Lyon \u2013 <\/span><span style=\"font-size: 12px;\">FC Bayern M\u00fcnchen<\/span><\/span><\/p>\n<p style=\"text-align: center;\"><span style=\"font-family: georgia, palatino, serif; font-size: 12px;\"><strong>23.12.2008\u00a0\u00a0\u00a0 <\/strong>Spenden\u00fcbergabe an die Kinderkrebshilfe in H\u00f6he von 500,00 \u20ac<\/span><\/p>\n<p><img loading=\"lazy\" decoding=\"async\" class=\"size-medium wp-image-474 aligncenter\" src=\"https:\/\/fcb-sesslach91.de\/wp-content\/uploads\/2018\/12\/Spende231208-300x225.jpg\" alt=\"\" width=\"300\" height=\"225\" srcset=\"https:\/\/fcb-sesslach91.de\/wp-content\/uploads\/2018\/12\/Spende231208-300x225.jpg 300w, https:\/\/fcb-sesslach91.de\/wp-content\/uploads\/2018\/12\/Spende231208.jpg 629w\" sizes=\"(max-width: 300px) 100vw, 300px\" \/><\/p>\n<p>&nbsp;<\/p>\n<p style=\"text-align: center;\"><span style=\"font-family: georgia, palatino, serif;\"><strong><span style=\"font-size: 12px;\">07.-<\/span><\/strong><span style=\"font-size: 12px;\"><strong>10.04.2009\u00a0\u00a0\u00a0 <\/strong>Busfahrt zum Champions League-Spiel beim FC Barcelona<\/span><span style=\"font-size: 12px;\"> mit \u00dcbernachtung an der Costa Brava<\/span><\/span><\/p>\n<p style=\"text-align: center;\"><span style=\"font-family: georgia, palatino, serif;\"><span style=\"font-size: 12px;\"><strong>19.\/20.06.2009<\/strong>\u00a0\u00a0\u00a0 15. Se\u00dflacher Kleinfeldturnier und Turnier der Oberfrankenv<\/span><span style=\"font-size: 12px;\">ereinigung in Se\u00dflach<\/span><\/span><\/p>\n<p style=\"text-align: center;\"><span style=\"font-family: georgia, palatino, serif;\"><span style=\"font-size: 12px;\"><strong>29.08.2009\u00a0\u00a0\u00a0 <\/strong>Busfahrt zum Bundesligaspiel FC Bayern \u2013 VFL Wolfsburg u<\/span><span style=\"font-size: 12px;\">nd vorher FCB Amateure \u2013 Wuppertaler SV<\/span><\/span><\/p>\n<p><img loading=\"lazy\" decoding=\"async\" class=\"size-medium wp-image-475 aligncenter\" src=\"https:\/\/fcb-sesslach91.de\/wp-content\/uploads\/2018\/12\/150.Busfahrt-300x225.jpg\" alt=\"\" width=\"300\" height=\"225\" srcset=\"https:\/\/fcb-sesslach91.de\/wp-content\/uploads\/2018\/12\/150.Busfahrt-300x225.jpg 300w, https:\/\/fcb-sesslach91.de\/wp-content\/uploads\/2018\/12\/150.Busfahrt.jpg 629w\" sizes=\"(max-width: 300px) 100vw, 300px\" \/><\/p>\n<p>&nbsp;<\/p>\n<p style=\"text-align: center;\"><span style=\"font-family: georgia, palatino, serif; font-size: 12px;\"><strong>08.12.2009\u00a0\u00a0<\/strong>\u00a0 Busfahrt zum Champions League-Spiel bei Juventus Turin<\/span><\/p>\n<p style=\"text-align: center;\"><span style=\"font-family: georgia, palatino, serif;\"><span style=\"font-size: 12px;\"><strong>12.12.2009<\/strong>\u00a0\u00a0\u00a0 Versammlung der Oberfrankenvereinigung mit Weihnachts<\/span><span style=\"font-size: 12px;\">feier und Andi G\u00f6rlitz als Ehrengast<\/span><\/span><\/p>\n<p style=\"text-align: center;\"><span style=\"font-family: georgia, palatino, serif;\"><strong><span style=\"font-size: 12px;\">29.-<\/span><\/strong><span style=\"font-size: 12px;\"><strong>31.01.2010<\/strong>\u00a0\u00a0\u00a0 15. und letzter Wochenendskiausflug nach Bischofshofen<\/span><\/span><\/p>\n<p><img loading=\"lazy\" decoding=\"async\" class=\"size-medium wp-image-476 aligncenter\" src=\"https:\/\/fcb-sesslach91.de\/wp-content\/uploads\/2018\/12\/SkifahrenDieLetze-300x225.jpg\" alt=\"\" width=\"300\" height=\"225\" srcset=\"https:\/\/fcb-sesslach91.de\/wp-content\/uploads\/2018\/12\/SkifahrenDieLetze-300x225.jpg 300w, https:\/\/fcb-sesslach91.de\/wp-content\/uploads\/2018\/12\/SkifahrenDieLetze.jpg 629w\" sizes=\"(max-width: 300px) 100vw, 300px\" \/><\/p>\n<p>&nbsp;<\/p>\n<p style=\"text-align: center;\"><span style=\"font-family: georgia, palatino, serif;\"><span style=\"font-size: 12px;\"><strong>09.03.2010<\/strong>\u00a0\u00a0\u00a0 Busfahrt zum Champions League-Spiel beim AC Florenz\u00a0 &#8211;\u00a0 250. <\/span><span style=\"font-size: 12px;\">Mitglied: Frank W\u00f6hner<\/span><\/span><\/p>\n<p style=\"text-align: center;\"><span style=\"font-family: georgia, palatino, serif;\"><strong><span style=\"font-size: 12px;\">06.-<\/span><\/strong><span style=\"font-size: 12px;\"><strong>08.04.2010 \u00a0\u00a0<\/strong> Busfahrt zum Champions League-Spiel bei Manchester United<\/span><\/span><\/p>\n<p style=\"text-align: center;\"><span style=\"font-family: georgia, palatino, serif; font-size: 12px;\"><strong>15.05.2010\u00a0\u00a0\u00a0<\/strong> Busfahrt zum DFB-Pokalfinale FC Bayern \u2013 Werder Bremen<\/span><\/p>\n<p style=\"text-align: center;\"><span style=\"font-family: georgia, palatino, serif; font-size: 12px;\"><strong>22.05.2010<\/strong> \u00a0 \u00a0 <strong>Flugreise ab N\u00fcrnberg zum Champions<\/strong><\/span><span style=\"font-family: arial black, sans-serif; font-size: 12px;\"><strong>\u00a0League-Finale <\/strong><\/span><span style=\"font-family: arial black, sans-serif; font-size: 12px;\"><strong>in Madrid:<\/strong> FC Bayern \u2013 Inter Mailand<\/span><\/p>\n<p><img loading=\"lazy\" decoding=\"async\" class=\"size-medium wp-image-477 aligncenter\" src=\"https:\/\/fcb-sesslach91.de\/wp-content\/uploads\/2018\/12\/CLFinale10-300x225.jpg\" alt=\"\" width=\"300\" height=\"225\" srcset=\"https:\/\/fcb-sesslach91.de\/wp-content\/uploads\/2018\/12\/CLFinale10-300x225.jpg 300w, https:\/\/fcb-sesslach91.de\/wp-content\/uploads\/2018\/12\/CLFinale10.jpg 629w\" sizes=\"(max-width: 300px) 100vw, 300px\" \/><\/p>\n<p>&nbsp;<\/p>\n<p style=\"text-align: center;\"><span style=\"font-family: georgia, palatino, serif; font-size: 12px;\"><strong>26.06.2010<\/strong>\u00a0 \u00a0 16. Se\u00dflacher Kleinfeldturnier mit Oberfranken<\/span><span style=\"font-family: georgia, palatino, serif;\"><span style=\"font-size: 12px;\">treffen und <\/span><span style=\"font-size: 12px;\">Spenden\u00fcbergabe an die Nachmittagsbetreuung der Volksschule<\/span><span style=\"font-size: 12px;\"> Se\u00dflach in H\u00f6he von 500,00 \u20ac<\/span><\/span><\/p>\n<p><img loading=\"lazy\" decoding=\"async\" class=\"size-medium wp-image-478 aligncenter\" src=\"https:\/\/fcb-sesslach91.de\/wp-content\/uploads\/2018\/12\/Spende260610-300x205.jpg\" alt=\"\" width=\"300\" height=\"205\" srcset=\"https:\/\/fcb-sesslach91.de\/wp-content\/uploads\/2018\/12\/Spende260610-300x205.jpg 300w, https:\/\/fcb-sesslach91.de\/wp-content\/uploads\/2018\/12\/Spende260610.jpg 691w\" sizes=\"(max-width: 300px) 100vw, 300px\" \/><\/p>\n<p>&nbsp;<\/p>\n<p style=\"text-align: center;\"><span style=\"font-family: georgia, palatino, serif; font-size: 12px;\"><strong>07.08.2010\u00a0\u00a0\u00a0 <\/strong>B<\/span><span style=\"font-family: georgia, palatino, serif;\"><span style=\"font-size: 12px;\">u<\/span><span style=\"font-size: 12px;\">sfahrt zum Supercup-Fina<\/span><\/span><span style=\"font-family: georgia, palatino, serif;\"><span style=\"font-size: 12px;\">le nach Augsburg:<\/span><span style=\"font-size: 12px;\"> FC Bayern \u2013 Schalke 04<\/span><\/span><\/p>\n<p style=\"text-align: center;\"><span style=\"font-family: georgia, palatino, serif; font-size: 12px;\"><strong>23.12.2010<\/strong>\u00a0\u00a0\u00a0 Spende f\u00fcr den Se\u00dflacher Pfarrsaal in H\u00f6he von 500,00 \u20ac<\/span><\/p>\n<p style=\"text-align: center;\"><img loading=\"lazy\" decoding=\"async\" class=\"size-medium wp-image-479 aligncenter\" src=\"https:\/\/fcb-sesslach91.de\/wp-content\/uploads\/2018\/12\/Spende231210-300x200.jpg\" alt=\"\" width=\"300\" height=\"200\" srcset=\"https:\/\/fcb-sesslach91.de\/wp-content\/uploads\/2018\/12\/Spende231210-300x200.jpg 300w, https:\/\/fcb-sesslach91.de\/wp-content\/uploads\/2018\/12\/Spende231210.jpg 708w\" sizes=\"(max-width: 300px) 100vw, 300px\" \/><\/p>\n","protected":false},"excerpt":{"rendered":"<p>Chronik des FC Bayern-Fanclub \u201eSe\u00dflach \u00b491\u201c 2001 bis 2010 (gek\u00fcrzte Fassung) &nbsp; 17.03.2001\u00a0\u00a0\u00a0 50. Fanclub-Busfahrt zum Derby:\u00a0\u00a0 1860 \u2013 FC Bayern 19.05.2001\u00a0\u00a0\u00a0 Busfahrt zum Bundesligafinale:\u00a0\u00a0 HSV \u2013 FC Bayern 22.-24.05.2001\u00a0\u00a0\u00a0 Busfahrt zum Champions League-Finale in Mailand: FC Bayern \u2013 FC Valencia &nbsp; 13.-17.06.2001\u00a0\u00a0\u00a0\u00a0\u00a0\u00a0\u00a0\u00a0\u00a0 10-j\u00e4hriges Jubil\u00e4um des FC Bayern-Fanclub \u201eSe\u00dflach \u00b491\u201c\u00a0\u00a0\u00a0\u00a0\u00a0\u00a0\u00a0\u00a0\u00a0\u00a0\u00a0\u00a0\u00a0\u00a0\u00a0\u00a0\u00a0\u00a0\u00a0\u00a0\u00a0\u00a0\u00a0\u00a0\u00a0\u00a0\u00a0\u00a0\u00a0\u00a0\u00a0\u00a0<\/p>\n","protected":false},"author":1,"featured_media":0,"parent":0,"menu_order":0,"comment_status":"closed","ping_status":"closed","template":"","meta":{"footnotes":""},"categories":[10],"tags":[],"class_list":["post-193","page","type-page","status-publish","hentry","category-chronik"],"_links":{"self":[{"href":"https:\/\/fcb-sesslach91.de\/index.php\/wp-json\/wp\/v2\/pages\/193"}],"collection":[{"href":"https:\/\/fcb-sesslach91.de\/index.php\/wp-json\/wp\/v2\/pages"}],"about":[{"href":"https:\/\/fcb-sesslach91.de\/index.php\/wp-json\/wp\/v2\/types\/page"}],"author":[{"embeddable":true,"href":"https:\/\/fcb-sesslach91.de\/index.php\/wp-json\/wp\/v2\/users\/1"}],"replies":[{"embeddable":true,"href":"https:\/\/fcb-sesslach91.de\/index.php\/wp-json\/wp\/v2\/comments?post=193"}],"version-history":[{"count":11,"href":"https:\/\/fcb-sesslach91.de\/index.php\/wp-json\/wp\/v2\/pages\/193\/revisions"}],"predecessor-version":[{"id":1813,"href":"https:\/\/fcb-sesslach91.de\/index.php\/wp-json\/wp\/v2\/pages\/193\/revisions\/1813"}],"wp:attachment":[{"href":"https:\/\/fcb-sesslach91.de\/index.php\/wp-json\/wp\/v2\/media?parent=193"}],"wp:term":[{"taxonomy":"category","embeddable":true,"href":"https:\/\/fcb-sesslach91.de\/index.php\/wp-json\/wp\/v2\/categories?post=193"},{"taxonomy":"post_tag","embeddable":true,"href":"https:\/\/fcb-sesslach91.de\/index.php\/wp-json\/wp\/v2\/tags?post=193"}],"curies":[{"name":"wp","href":"https:\/\/api.w.org\/{rel}","templated":true}]}}